{"id":6768,"date":"2021-05-26T14:00:15","date_gmt":"2021-05-26T13:00:15","guid":{"rendered":"https:\/\/swisnot.trisdemo.ch\/creer-sa-s-a-ou-sarl-avec-swisnot\/"},"modified":"2021-06-03T11:02:13","modified_gmt":"2021-06-03T10:02:13","slug":"costituite-la-vostra-sa-oppure-sagl-con-swisnot","status":"publish","type":"page","link":"https:\/\/www.swisnot.ch\/it\/costituite-la-vostra-sa-oppure-sagl-con-swisnot\/","title":{"rendered":"Costituite la vostra SA oppure Sagl con swisNot"},"content":{"rendered":"<div id='av_section_1'  class='avia-section av-egzmi0-d1f3b37e3f3a96c827e303d3c27f178a main_color avia-section-default avia-no-border-styling  avia-builder-el-0  avia-builder-el-no-sibling  avia-bg-style-scroll container_wrap fullsize'  ><div class='container av-section-cont-open' ><main  role=\"main\" itemprop=\"mainContentOfPage\"  class='template-page content  av-content-full alpha units'><div class='post-entry post-entry-type-page post-entry-6768'><div class='entry-content-wrapper clearfix'>\n\n<style type=\"text\/css\" data-created_by=\"avia_inline_auto\" id=\"style-css-av-21zl88-ec5fb4956a56805c61b2a090b460fe99\">\n.flex_column.av-21zl88-ec5fb4956a56805c61b2a090b460fe99{\nborder-radius:0px 0px 0px 0px;\npadding:0px 0px 0px 0px;\n}\n<\/style>\n<div  class='flex_column av-21zl88-ec5fb4956a56805c61b2a090b460fe99 av_one_full  avia-builder-el-1  el_before_av_one_full  avia-builder-el-first  first flex_column_div av-zero-column-padding  '     ><p>\n<style type=\"text\/css\" data-created_by=\"avia_inline_auto\" id=\"style-css-av-kp580l8k-f5b1ac961e2397dec2844d0b61743aa8\">\n#top .av-special-heading.av-kp580l8k-f5b1ac961e2397dec2844d0b61743aa8{\npadding-bottom:10px;\n}\nbody .av-special-heading.av-kp580l8k-f5b1ac961e2397dec2844d0b61743aa8 .av-special-heading-tag .heading-char{\nfont-size:25px;\n}\n.av-special-heading.av-kp580l8k-f5b1ac961e2397dec2844d0b61743aa8 .av-subheading{\nfont-size:15px;\n}\n<\/style>\n<div  class='av-special-heading av-kp580l8k-f5b1ac961e2397dec2844d0b61743aa8 av-special-heading-h1 blockquote modern-quote  avia-builder-el-2  el_before_av_textblock  avia-builder-el-first  trs-special-underline'><h1 class='av-special-heading-tag '  itemprop=\"headline\"  >Costituite la vostra SA oppure Sagl<\/h1><div class=\"special-heading-border\"><div class=\"special-heading-inner-border\"><\/div><\/div><\/div><br \/>\n<section  class='av_textblock_section av-5nheyq-32d554587264bea4915484382799233a '   itemscope=\"itemscope\" itemtype=\"https:\/\/schema.org\/CreativeWork\" ><div class='avia_textblock'  itemprop=\"text\" ><div id=\"content\">\n<div class=\"site_center withbackground\">\n<div id=\"contentwrap\">\n<div class=\"item-page\">\n<div>\n<p>La <strong>societ\u00e0 anonima (S.A.)<\/strong> e la <strong>societ\u00e0 a garanzia limitata (S.A.G.L.)<\/strong> sono delle societ\u00e0 di capitali. Devono avere un nome, una sede in Svizzera, uno scopo, un capitale ripartito in azioni o in quote sociali (valore nominale).<\/p>\n<p>La societ\u00e0 \u00e8 costituita con un atto pubblico, cio\u00e8 notarile. Il luogo o il cantone della sede della societ\u00e0 e dell\u2019ufficio notarile non devono essere i stessi.<\/p>\n<p>Per la costituzione della societ\u00e0 si richiese un fondatore, indipendente del suo domicilio e della sua nazionalit\u00e0.<\/p>\n<p>Il domicilio e la nazionalit\u00e0 dei membri del consiglio d\u2019amministrazione o dell\u2019amministratore non sono di grande importanza.<\/p>\n<p>Purtroppo, una persona con domicilio in Svizzera (membro del consiglio d\u2019amministrazione o amministratore o direttore) deve rappresentare le societ\u00e0.<\/p>\n<p>Le S.A. possono essere convertite in una S.A.G.L. e viceversa.<\/p>\n<p>L\u2019imposizione fiscale non dipende della forma legale scelta.<\/p>\n<p>Le differenze principali sono :<\/p>\n<\/div>\n<\/div>\n<\/div>\n<table class=\"sn_displaytable\" border=\"0\">\n<tbody>\n<tr>\n<td style=\"width: 40%;\"><\/td>\n<td style=\"width: 30%;\"><strong>SA<\/strong><\/td>\n<td style=\"width: 30%;\"><strong>S\u00e0rl<\/strong><\/td>\n<\/tr>\n<tr>\n<td><strong>Valore nominale del capitale minimo<\/strong><\/td>\n<td>CHF 100&#8217;000.\u2014<\/td>\n<td>CHF 20&#8217;000.\u2014<\/td>\n<\/tr>\n<tr>\n<td><strong>Liberazione minima<\/strong><\/td>\n<td>CHF 50&#8217;000.\u2014<\/td>\n<td>CHF 20&#8217;000.\u2014<\/td>\n<\/tr>\n<tr>\n<td><strong>Valore nominale minimo delle azioni o delle quote sociali<\/strong><\/td>\n<td>CHF 0.01<\/td>\n<td>CHF 100.\u2014<\/td>\n<\/tr>\n<tr>\n<td><strong>Visibilit\u00e0 degli attori<\/strong><\/td>\n<td>Anonimit\u00e0 degli attori<\/td>\n<td>I soci sono iscritti nel registro di commercio<\/td>\n<\/tr>\n<tr>\n<td><strong>Prestazioni accessorie<\/strong><\/td>\n<td>Esclusi<\/td>\n<td>Possibile, se previsti negli statuti<\/td>\n<\/tr>\n<tr>\n<td><strong>Diritto di veto<\/strong><\/td>\n<td>Escluso<\/td>\n<td>Possibile, se previsto negli statuti<\/td>\n<\/tr>\n<tr>\n<td><strong>Commenti<\/strong><\/td>\n<td>Si tratta sopratutto di una partecipazione finanziaria e di una societ\u00e0 aperta.<\/td>\n<td>Si tratta spesso di una societ\u00e0 di carattere riferito ad una persona (societ\u00e0 familiare). L\u2019accesso pu\u00f2 essere limitato con disposizioni statutarie (diritto d\u2019acquisto).<\/td>\n<\/tr>\n<\/tbody>\n<\/table>\n<\/div>\n<\/div>\n<\/div><\/section><\/p><\/div>\n<style type=\"text\/css\" data-created_by=\"avia_inline_auto\" id=\"style-css-av-os5qq-04ed5d5d13b74f353b4eb17b5e5cc8cc\">\n.flex_column.av-os5qq-04ed5d5d13b74f353b4eb17b5e5cc8cc{\nborder-radius:0px 0px 0px 0px;\npadding:0px 0px 0px 0px;\n}\n<\/style>\n<div  class='flex_column av-os5qq-04ed5d5d13b74f353b4eb17b5e5cc8cc av_one_full  avia-builder-el-4  el_after_av_one_full  avia-builder-el-last  first flex_column_div av-zero-column-padding  column-top-margin'     ><p>\n<style type=\"text\/css\" data-created_by=\"avia_inline_auto\" id=\"style-css-av-4ay5qa-4f83db03324f3359f9d17cc584e4d42e\">\n#top .av-special-heading.av-4ay5qa-4f83db03324f3359f9d17cc584e4d42e{\npadding-bottom:10px;\n}\nbody .av-special-heading.av-4ay5qa-4f83db03324f3359f9d17cc584e4d42e .av-special-heading-tag .heading-char{\nfont-size:25px;\n}\n.av-special-heading.av-4ay5qa-4f83db03324f3359f9d17cc584e4d42e .av-subheading{\nfont-size:15px;\n}\n<\/style>\n<div  class='av-special-heading av-4ay5qa-4f83db03324f3359f9d17cc584e4d42e av-special-heading-h3 blockquote modern-quote  avia-builder-el-5  el_before_av_textblock  avia-builder-el-first  trs-special-underline'><h3 class='av-special-heading-tag '  itemprop=\"headline\"  >Preparate la vostra SA oppure Sagl<\/h3><div class=\"special-heading-border\"><div class=\"special-heading-inner-border\"><\/div><\/div><\/div><br \/>\n<section  class='av_textblock_section av-2n9o1u-568d3a801c4c9876969b2bec85e230d3 '   itemscope=\"itemscope\" itemtype=\"https:\/\/schema.org\/CreativeWork\" ><div class='avia_textblock'  itemprop=\"text\" ><p>Si prega di rispondere alle seguenti domande. Il vostro notaio vi contatter\u00e0 poi per consigliarvi personalmente.<\/p>\n<\/div><\/section><br \/>\n<\/p><\/div>\n","protected":false},"excerpt":{"rendered":"","protected":false},"author":1,"featured_media":0,"parent":0,"menu_order":0,"comment_status":"closed","ping_status":"closed","template":"","meta":{"_acf_changed":false,"footnotes":""},"class_list":["post-6768","page","type-page","status-publish","hentry"],"acf":[],"yoast_head":"<!-- This site is optimized with the Yoast SEO plugin v24.9 - https:\/\/yoast.com\/wordpress\/plugins\/seo\/ -->\n<title>Costituite la vostra SA oppure Sagl con swisNot - swisNot - Le r\u00e9seau notarial suisse<\/title>\n<meta name=\"description\" content=\"swisNot, le r\u00e9seau notarial suisse, votre partenaire en mati\u00e8re juridique et fiscale\" \/>\n<meta name=\"robots\" content=\"index, follow, max-snippet:-1, max-image-preview:large, max-video-preview:-1\" \/>\n<link rel=\"canonical\" href=\"https:\/\/www.swisnot.ch\/it\/costituite-la-vostra-sa-oppure-sagl-con-swisnot\/\" \/>\n<meta property=\"og:locale\" content=\"it_IT\" \/>\n<meta property=\"og:type\" content=\"article\" \/>\n<meta property=\"og:title\" content=\"Costituite la vostra SA oppure Sagl con swisNot - swisNot - Le r\u00e9seau notarial suisse\" \/>\n<meta property=\"og:description\" content=\"swisNot, le r\u00e9seau notarial suisse, votre partenaire en mati\u00e8re juridique et fiscale\" \/>\n<meta property=\"og:url\" content=\"https:\/\/www.swisnot.ch\/it\/costituite-la-vostra-sa-oppure-sagl-con-swisnot\/\" \/>\n<meta property=\"og:site_name\" content=\"swisNot - Le r\u00e9seau notarial suisse\" \/>\n<meta property=\"article:modified_time\" content=\"2021-06-03T10:02:13+00:00\" \/>\n<meta name=\"twitter:card\" content=\"summary_large_image\" \/>\n<meta name=\"twitter:label1\" content=\"Est. reading time\" \/>\n\t<meta name=\"twitter:data1\" content=\"5 minutes\" \/>\n<script type=\"application\/ld+json\" class=\"yoast-schema-graph\">{\"@context\":\"https:\/\/schema.org\",\"@graph\":[{\"@type\":\"WebPage\",\"@id\":\"https:\/\/www.swisnot.ch\/it\/costituite-la-vostra-sa-oppure-sagl-con-swisnot\/\",\"url\":\"https:\/\/www.swisnot.ch\/it\/costituite-la-vostra-sa-oppure-sagl-con-swisnot\/\",\"name\":\"Costituite la vostra SA oppure Sagl con swisNot - swisNot - Le r\u00e9seau notarial suisse\",\"isPartOf\":{\"@id\":\"https:\/\/www.swisnot.ch\/it\/#website\"},\"datePublished\":\"2021-05-26T13:00:15+00:00\",\"dateModified\":\"2021-06-03T10:02:13+00:00\",\"description\":\"swisNot, le r\u00e9seau notarial suisse, votre partenaire en mati\u00e8re juridique et fiscale\",\"breadcrumb\":{\"@id\":\"https:\/\/www.swisnot.ch\/it\/costituite-la-vostra-sa-oppure-sagl-con-swisnot\/#breadcrumb\"},\"inLanguage\":\"it-IT\",\"potentialAction\":[{\"@type\":\"ReadAction\",\"target\":[\"https:\/\/www.swisnot.ch\/it\/costituite-la-vostra-sa-oppure-sagl-con-swisnot\/\"]}]},{\"@type\":\"BreadcrumbList\",\"@id\":\"https:\/\/www.swisnot.ch\/it\/costituite-la-vostra-sa-oppure-sagl-con-swisnot\/#breadcrumb\",\"itemListElement\":[{\"@type\":\"ListItem\",\"position\":1,\"name\":\"Accueil\",\"item\":\"https:\/\/www.swisnot.ch\/it\/home\/\"},{\"@type\":\"ListItem\",\"position\":2,\"name\":\"Costituite la vostra SA oppure Sagl con swisNot\"}]},{\"@type\":\"WebSite\",\"@id\":\"https:\/\/www.swisnot.ch\/it\/#website\",\"url\":\"https:\/\/www.swisnot.ch\/it\/\",\"name\":\"swisNot - Le r\u00e9seau notarial suisse\",\"description\":\"Votre partenaire en mati\u00e8re juridique et fiscale\",\"potentialAction\":[{\"@type\":\"SearchAction\",\"target\":{\"@type\":\"EntryPoint\",\"urlTemplate\":\"https:\/\/www.swisnot.ch\/it\/?s={search_term_string}\"},\"query-input\":{\"@type\":\"PropertyValueSpecification\",\"valueRequired\":true,\"valueName\":\"search_term_string\"}}],\"inLanguage\":\"it-IT\"}]}<\/script>\n<!-- \/ Yoast SEO plugin. -->","yoast_head_json":{"title":"Costituite la vostra SA oppure Sagl con swisNot - swisNot - Le r\u00e9seau notarial suisse","description":"swisNot, le r\u00e9seau notarial suisse, votre partenaire en mati\u00e8re juridique et fiscale","robots":{"index":"index","follow":"follow","max-snippet":"max-snippet:-1","max-image-preview":"max-image-preview:large","max-video-preview":"max-video-preview:-1"},"canonical":"https:\/\/www.swisnot.ch\/it\/costituite-la-vostra-sa-oppure-sagl-con-swisnot\/","og_locale":"it_IT","og_type":"article","og_title":"Costituite la vostra SA oppure Sagl con swisNot - swisNot - Le r\u00e9seau notarial suisse","og_description":"swisNot, le r\u00e9seau notarial suisse, votre partenaire en mati\u00e8re juridique et fiscale","og_url":"https:\/\/www.swisnot.ch\/it\/costituite-la-vostra-sa-oppure-sagl-con-swisnot\/","og_site_name":"swisNot - Le r\u00e9seau notarial suisse","article_modified_time":"2021-06-03T10:02:13+00:00","twitter_card":"summary_large_image","twitter_misc":{"Est. reading time":"5 minutes"},"schema":{"@context":"https:\/\/schema.org","@graph":[{"@type":"WebPage","@id":"https:\/\/www.swisnot.ch\/it\/costituite-la-vostra-sa-oppure-sagl-con-swisnot\/","url":"https:\/\/www.swisnot.ch\/it\/costituite-la-vostra-sa-oppure-sagl-con-swisnot\/","name":"Costituite la vostra SA oppure Sagl con swisNot - swisNot - Le r\u00e9seau notarial suisse","isPartOf":{"@id":"https:\/\/www.swisnot.ch\/it\/#website"},"datePublished":"2021-05-26T13:00:15+00:00","dateModified":"2021-06-03T10:02:13+00:00","description":"swisNot, le r\u00e9seau notarial suisse, votre partenaire en mati\u00e8re juridique et fiscale","breadcrumb":{"@id":"https:\/\/www.swisnot.ch\/it\/costituite-la-vostra-sa-oppure-sagl-con-swisnot\/#breadcrumb"},"inLanguage":"it-IT","potentialAction":[{"@type":"ReadAction","target":["https:\/\/www.swisnot.ch\/it\/costituite-la-vostra-sa-oppure-sagl-con-swisnot\/"]}]},{"@type":"BreadcrumbList","@id":"https:\/\/www.swisnot.ch\/it\/costituite-la-vostra-sa-oppure-sagl-con-swisnot\/#breadcrumb","itemListElement":[{"@type":"ListItem","position":1,"name":"Accueil","item":"https:\/\/www.swisnot.ch\/it\/home\/"},{"@type":"ListItem","position":2,"name":"Costituite la vostra SA oppure Sagl con swisNot"}]},{"@type":"WebSite","@id":"https:\/\/www.swisnot.ch\/it\/#website","url":"https:\/\/www.swisnot.ch\/it\/","name":"swisNot - Le r\u00e9seau notarial suisse","description":"Votre partenaire en mati\u00e8re juridique et fiscale","potentialAction":[{"@type":"SearchAction","target":{"@type":"EntryPoint","urlTemplate":"https:\/\/www.swisnot.ch\/it\/?s={search_term_string}"},"query-input":{"@type":"PropertyValueSpecification","valueRequired":true,"valueName":"search_term_string"}}],"inLanguage":"it-IT"}]}},"_links":{"self":[{"href":"https:\/\/www.swisnot.ch\/it\/wp-json\/wp\/v2\/pages\/6768","targetHints":{"allow":["GET"]}}],"collection":[{"href":"https:\/\/www.swisnot.ch\/it\/wp-json\/wp\/v2\/pages"}],"about":[{"href":"https:\/\/www.swisnot.ch\/it\/wp-json\/wp\/v2\/types\/page"}],"author":[{"embeddable":true,"href":"https:\/\/www.swisnot.ch\/it\/wp-json\/wp\/v2\/users\/1"}],"replies":[{"embeddable":true,"href":"https:\/\/www.swisnot.ch\/it\/wp-json\/wp\/v2\/comments?post=6768"}],"version-history":[{"count":3,"href":"https:\/\/www.swisnot.ch\/it\/wp-json\/wp\/v2\/pages\/6768\/revisions"}],"predecessor-version":[{"id":8025,"href":"https:\/\/www.swisnot.ch\/it\/wp-json\/wp\/v2\/pages\/6768\/revisions\/8025"}],"wp:attachment":[{"href":"https:\/\/www.swisnot.ch\/it\/wp-json\/wp\/v2\/media?parent=6768"}],"curies":[{"name":"wp","href":"https:\/\/api.w.org\/{rel}","templated":true}]}}