{"id":3137,"date":"2016-06-24T12:26:56","date_gmt":"2016-06-24T11:26:56","guid":{"rendered":"https:\/\/swisnot.trisdemo.ch\/actualite\/"},"modified":"2021-11-15T15:45:24","modified_gmt":"2021-11-15T14:45:24","slug":"nachrichten","status":"publish","type":"page","link":"https:\/\/www.swisnot.ch\/de\/nachrichten\/","title":{"rendered":"Nachrichten"},"content":{"rendered":"\n<style type=\"text\/css\" data-created_by=\"avia_inline_auto\" id=\"style-css-av-y86ij-49a05e635a3df7722a6643cf016a99f9\">\n#top .av-special-heading.av-y86ij-49a05e635a3df7722a6643cf016a99f9{\npadding-bottom:10px;\n}\nbody .av-special-heading.av-y86ij-49a05e635a3df7722a6643cf016a99f9 .av-special-heading-tag .heading-char{\nfont-size:25px;\n}\n.av-special-heading.av-y86ij-49a05e635a3df7722a6643cf016a99f9 .av-subheading{\nfont-size:15px;\n}\n<\/style>\n<div  class='av-special-heading av-y86ij-49a05e635a3df7722a6643cf016a99f9 av-special-heading-h1 blockquote modern-quote  avia-builder-el-0  el_before_av_hr  avia-builder-el-first  trs-special-underline'><h1 class='av-special-heading-tag '  itemprop=\"headline\"  >Nachrichten<\/h1><div class=\"special-heading-border\"><div class=\"special-heading-inner-border\"><\/div><\/div><\/div>\n\n<style type=\"text\/css\" data-created_by=\"avia_inline_auto\" id=\"style-css-av-15123n-ec4518e66b566d9ea218f55db046a6e3\">\n#top .hr.hr-invisible.av-15123n-ec4518e66b566d9ea218f55db046a6e3{\nheight:50px;\n}\n<\/style>\n<div  class='hr av-15123n-ec4518e66b566d9ea218f55db046a6e3 hr-invisible  avia-builder-el-1  el_after_av_heading  el_before_av_codeblock '><span class='hr-inner '><span class=\"hr-inner-style\"><\/span><\/span><\/div>\n\n\n<style type=\"text\/css\" data-created_by=\"avia_inline_auto\" id=\"style-css-av-3igp3f-ced311c0cc0e83d106ccfb7b8438d08e\">\n.flex_column.av-3igp3f-ced311c0cc0e83d106ccfb7b8438d08e{\nborder-radius:0px 0px 0px 0px;\npadding:0px 0px 0px 0px;\n}\n<\/style>\n<div  class='flex_column av-3igp3f-ced311c0cc0e83d106ccfb7b8438d08e av_one_half  avia-builder-el-3  el_after_av_codeblock  el_before_av_one_half  first flex_column_div av-zero-column-padding  '     ><style type=\"text\/css\" data-created_by=\"avia_inline_auto\" id=\"style-css-av-39wrg3-58b3fca6a292ba5afb1767b1a3248996\">\n#top .avia-icon-list-container.av-39wrg3-58b3fca6a292ba5afb1767b1a3248996 .iconlist_icon{\nbackground-color:#98012e;\n}\n<\/style>\n<div  class='avia-icon-list-container av-39wrg3-58b3fca6a292ba5afb1767b1a3248996  avia-builder-el-4  avia-builder-el-no-sibling '><ul class='avia-icon-list avia_animate_when_almost_visible avia-icon-list-left av-iconlist-big av-39wrg3-58b3fca6a292ba5afb1767b1a3248996 avia-iconlist-animate'>\n<li><div class='iconlist_icon av-to00r-651c5c9d5719a44a457d4eb0dece0da5 avia-font-entypo-fontello avia-iconfont avia-font-entypo-fontello'><span class='av-icon-char' data-av_icon='\ue84b' data-av_iconfont='entypo-fontello' aria-hidden=\"true\"><\/span><\/div><article class=\"article-icon-entry \"  itemscope=\"itemscope\" itemtype=\"https:\/\/schema.org\/CreativeWork\" ><div class=\"iconlist_content_wrap\"><header class=\"entry-content-header\" aria-label=\"Icon: Lettre trimestrielle d\u2019information sur l\u2019actualit\u00e9 de 2019 n\u00b0 1\"><h4 class='av_iconlist_title iconlist_title  '  itemprop=\"headline\" >Lettre trimestrielle d\u2019information sur l\u2019actualit\u00e9 de 2019 n\u00b0 1<\/h4><\/header><div class='iconlist_content '  itemprop=\"text\" ><p>Lettre trimestrielle num\u00e9ro 1 d\u2019information sur l\u2019actualit\u00e9 juridique et fiscale des pays membres du r\u00e9seau Lexunion: <a href=\"\/wp-content\/uploads\/2020\/03\/1T2019.pdf\" target=\"_blank\" rel=\"noopener\">Fichier PDF<\/a><\/p>\n<\/div><\/div><footer class=\"entry-footer\"><\/footer><\/article><div class=\"iconlist-timeline\"><\/div><\/li>\n<li><div class='iconlist_icon av-n5rx7-41e49a1a9a4b544f224fc4d1091cb072 avia-font-entypo-fontello avia-iconfont avia-font-entypo-fontello'><span class='av-icon-char' data-av_icon='\ue84b' data-av_iconfont='entypo-fontello' aria-hidden=\"true\"><\/span><\/div><article class=\"article-icon-entry \"  itemscope=\"itemscope\" itemtype=\"https:\/\/schema.org\/CreativeWork\" ><div class=\"iconlist_content_wrap\"><header class=\"entry-content-header\" aria-label=\"Icon: Lettre trimestrielle d\u2019information sur l\u2019actualit\u00e9 de 2019 n\u00b0 3\"><h4 class='av_iconlist_title iconlist_title  '  itemprop=\"headline\" >Lettre trimestrielle d\u2019information sur l\u2019actualit\u00e9 de 2019 n\u00b0 3<\/h4><\/header><div class='iconlist_content '  itemprop=\"text\" ><p>Lettre trimestrielle num\u00e9ro 3 d\u2019information sur l\u2019actualit\u00e9 juridique et fiscale des pays membres du r\u00e9seau Lexunion: <a href=\"\/wp-content\/uploads\/2020\/03\/3T2019.pdf\" target=\"_blank\" rel=\"noopener\">Fichier PDF<\/a><\/p>\n<\/div><\/div><footer class=\"entry-footer\"><\/footer><\/article><div class=\"iconlist-timeline\"><\/div><\/li>\n<li><div class='iconlist_icon av-1s38ob-3f6369ae7b6d0bef4502dfdefe438a03 avia-font-entypo-fontello avia-iconfont avia-font-entypo-fontello'><span class='av-icon-char' data-av_icon='\ue84b' data-av_iconfont='entypo-fontello' aria-hidden=\"true\"><\/span><\/div><article class=\"article-icon-entry \"  itemscope=\"itemscope\" itemtype=\"https:\/\/schema.org\/CreativeWork\" ><div class=\"iconlist_content_wrap\"><header class=\"entry-content-header\" aria-label=\"Icon: Plus de pr\u00eat, plus de c\u00e9dule hypoth\u00e9caire ?\"><h4 class='av_iconlist_title iconlist_title  '  itemprop=\"headline\" >Plus de pr\u00eat, plus de c\u00e9dule hypoth\u00e9caire ?<\/h4><\/header><div class='iconlist_content '  itemprop=\"text\" ><p>Eh bien non, contrairement \u00e0 ce que croient parfois certains propri\u00e9taires,\u00a0le fait d\u2019avoir rembours\u00e9 sa dette ne fait pas dispara\u00eetre, pour autant,\u00a0la c\u00e9dule hypoth\u00e9caire&#8230;&#8230;\u00a0 <a href=\"https:\/\/www.actanotaires.ch\/actualites\/plus-de-pret-plus-de-cedule-hypothecaire\/\" rel=\"noopener\">En savoir plus.<\/a><\/p>\n<\/div><\/div><footer class=\"entry-footer\"><\/footer><\/article><div class=\"iconlist-timeline\"><\/div><\/li>\n<li><div class='iconlist_icon av-1j6c7f-4240bc7cbb900f9f7fc10af23c719766 avia-font-entypo-fontello avia-iconfont avia-font-entypo-fontello'><span class='av-icon-char' data-av_icon='\ue84b' data-av_iconfont='entypo-fontello' aria-hidden=\"true\"><\/span><\/div><article class=\"article-icon-entry \"  itemscope=\"itemscope\" itemtype=\"https:\/\/schema.org\/CreativeWork\" ><div class=\"iconlist_content_wrap\"><header class=\"entry-content-header\" aria-label=\"Icon: Comment transmettre mon entreprise ?\"><h4 class='av_iconlist_title iconlist_title  '  itemprop=\"headline\" >Comment transmettre mon entreprise ?<\/h4><\/header><div class='iconlist_content '  itemprop=\"text\" ><p>J\u2019arrive \u00e0 la retraite apr\u00e8s avoir exploit\u00e9 pendant de nombreuses ann\u00e9es\u00a0mon entreprise en qualit\u00e9 d\u2019ind\u00e9pendant. Que puis-je faire afin de pr\u00e9parer\u00a0au mieux son transfert de mon vivant ou dans le cadre de ma succession ?&#8230;. <a href=\"https:\/\/www.actanotaires.ch\/actualites\/comment+transmettre+mon+entreprise\" rel=\"noopener\">En savoir plus<\/a><\/p>\n<\/div><\/div><footer class=\"entry-footer\"><\/footer><\/article><div class=\"iconlist-timeline\"><\/div><\/li>\n<li><div class='iconlist_icon av-1e3jyj-db9b2c851265e77b57097dba9b3f9a5a avia-font-entypo-fontello avia-iconfont avia-font-entypo-fontello'><span class='av-icon-char' data-av_icon='\ue84b' data-av_iconfont='entypo-fontello' aria-hidden=\"true\"><\/span><\/div><article class=\"article-icon-entry \"  itemscope=\"itemscope\" itemtype=\"https:\/\/schema.org\/CreativeWork\" ><div class=\"iconlist_content_wrap\"><header class=\"entry-content-header\" aria-label=\"Icon: La solution du contrat d\u2019entretien viager\"><h4 class='av_iconlist_title iconlist_title  '  itemprop=\"headline\" >La solution du contrat d\u2019entretien viager<\/h4><\/header><div class='iconlist_content '  itemprop=\"text\" ><p>Georgette n\u2019arrive plus \u00e0 s\u2019occuper toute seule de sa maison.\u00a0Mais elle souhaite \u00e9viter l\u2019EMS. Dialogue imaginaire avec son notaire&#8230;. <a href=\"https:\/\/www.actanotaires.ch\/actualites\/la+solution+du+contrat+d%E2%80%99entretien+viager\" rel=\"noopener\">En savoir plus<\/a><\/p>\n<\/div><\/div><footer class=\"entry-footer\"><\/footer><\/article><div class=\"iconlist-timeline\"><\/div><\/li>\n<li><div class='iconlist_icon av-l0m57-4b960478c70bbbb6764ea99f31a25169 avia-font-entypo-fontello avia-iconfont avia-font-entypo-fontello'><span class='av-icon-char' data-av_icon='\ue84b' data-av_iconfont='entypo-fontello' aria-hidden=\"true\"><\/span><\/div><article class=\"article-icon-entry \"  itemscope=\"itemscope\" itemtype=\"https:\/\/schema.org\/CreativeWork\" ><div class=\"iconlist_content_wrap\"><header class=\"entry-content-header\" aria-label=\"Icon: Petites histoires de voisins...\"><h4 class='av_iconlist_title iconlist_title  '  itemprop=\"headline\" >Petites histoires de voisins...<\/h4><\/header><div class='iconlist_content '  itemprop=\"text\" ><p>En ville comme \u00e0 la campagne, les relations de voisinage pimentent\u00a0parfois la vie quotidienne. Quelques exemples&#8230;.\u00a0 <a href=\"https:\/\/www.actanotaires.ch\/wp-content\/uploads\/2018\/09\/2016.12-SLM.pdf\" target=\"_blank\" rel=\"noopener noreferrer\">En savoir plus<\/a><\/p>\n<\/div><\/div><footer class=\"entry-footer\"><\/footer><\/article><div class=\"iconlist-timeline\"><\/div><\/li>\n<li><div class='iconlist_icon av-he2ar-dc91236081938b0bbcc05b59b2d2f795 avia-font-entypo-fontello avia-iconfont avia-font-entypo-fontello'><span class='av-icon-char' data-av_icon='\ue84b' data-av_iconfont='entypo-fontello' aria-hidden=\"true\"><\/span><\/div><article class=\"article-icon-entry \"  itemscope=\"itemscope\" itemtype=\"https:\/\/schema.org\/CreativeWork\" ><div class=\"iconlist_content_wrap\"><header class=\"entry-content-header\" aria-label=\"Icon: Peut-on donner \u00e0 un seul de ses enfants?\"><h4 class='av_iconlist_title iconlist_title  '  itemprop=\"headline\" >Peut-on donner \u00e0 un seul de ses enfants?<\/h4><\/header><div class='iconlist_content '  itemprop=\"text\" ><p>Si je donne 100 000 francs \u00e0 ma fille, mon fils peut-il s\u2019y opposer?&#8230; <a href=\"https:\/\/www.actanotaires.ch\/actualites\/peut-on+donner+%C3%A0+un+seul+de+ses+enfants\" rel=\"noopener\">En savoir plus<\/a><\/p>\n<\/div><\/div><footer class=\"entry-footer\"><\/footer><\/article><div class=\"iconlist-timeline\"><\/div><\/li>\n<li><div class='iconlist_icon av-13ibf7-8fddfe1bf32e27febf6c62410c00a9c0 avia-font-entypo-fontello avia-iconfont avia-font-entypo-fontello'><span class='av-icon-char' data-av_icon='\ue84b' data-av_iconfont='entypo-fontello' aria-hidden=\"true\"><\/span><\/div><article class=\"article-icon-entry \"  itemscope=\"itemscope\" itemtype=\"https:\/\/schema.org\/CreativeWork\" ><div class=\"iconlist_content_wrap\"><header class=\"entry-content-header\" aria-label=\"Icon: Myst\u00e9rieuse c\u00e9dule hypoth\u00e9caire\"><h4 class='av_iconlist_title iconlist_title  '  itemprop=\"headline\" >Myst\u00e9rieuse c\u00e9dule hypoth\u00e9caire<\/h4><\/header><div class='iconlist_content '  itemprop=\"text\" ><p>J\u2019ai trouv\u00e9 une c\u00e9dule hypoth\u00e9caire en vidant la maison de mes parents\u00a0apr\u00e8s leur d\u00e9c\u00e8s, que dois-je en faire ? &#8230;.. <a href=\"https:\/\/www.actanotaires.ch\/actualites\/myst%C3%A9rieuse+c%C3%A9dule+hypoth%C3%A9caire\" rel=\"noopener\">En savoir plus<\/a><\/p>\n<\/div><\/div><footer class=\"entry-footer\"><\/footer><\/article><div class=\"iconlist-timeline\"><\/div><\/li>\n<\/ul><\/div><\/div>\n\n<style type=\"text\/css\" data-created_by=\"avia_inline_auto\" id=\"style-css-av-3igp3f-45606265e34917ffc0e71cde1014c2aa\">\n.flex_column.av-3igp3f-45606265e34917ffc0e71cde1014c2aa{\nborder-radius:0px 0px 0px 0px;\npadding:0px 0px 0px 0px;\n}\n<\/style>\n<div  class='flex_column av-3igp3f-45606265e34917ffc0e71cde1014c2aa av_one_half  avia-builder-el-5  el_after_av_one_half  avia-builder-el-last  flex_column_div av-zero-column-padding  '     ><style type=\"text\/css\" data-created_by=\"avia_inline_auto\" id=\"style-css-av-39wrg3-58b3fca6a292ba5afb1767b1a3248996\">\n#top .avia-icon-list-container.av-39wrg3-58b3fca6a292ba5afb1767b1a3248996 .iconlist_icon{\nbackground-color:#98012e;\n}\n<\/style>\n<div  class='avia-icon-list-container av-39wrg3-58b3fca6a292ba5afb1767b1a3248996  avia-builder-el-6  avia-builder-el-no-sibling '><ul class='avia-icon-list avia_animate_when_almost_visible avia-icon-list-left av-iconlist-big av-39wrg3-58b3fca6a292ba5afb1767b1a3248996 avia-iconlist-animate'>\n<li><div class='iconlist_icon av-1j9or-170a58041f2c8253dd630442602229e6 avia-font-entypo-fontello avia-iconfont avia-font-entypo-fontello'><span class='av-icon-char' data-av_icon='\ue84b' data-av_iconfont='entypo-fontello' aria-hidden=\"true\"><\/span><\/div><article class=\"article-icon-entry \"  itemscope=\"itemscope\" itemtype=\"https:\/\/schema.org\/CreativeWork\" ><div class=\"iconlist_content_wrap\"><header class=\"entry-content-header\" aria-label=\"Icon: Lettre trimestrielle d\u2019information sur l\u2019actualit\u00e9 de 2019 n\u00b0 2\"><h4 class='av_iconlist_title iconlist_title  '  itemprop=\"headline\" >Lettre trimestrielle d\u2019information sur l\u2019actualit\u00e9 de 2019 n\u00b0 2<\/h4><\/header><div class='iconlist_content '  itemprop=\"text\" ><p>Lettre trimestrielle num\u00e9ro 2 d\u2019information sur l\u2019actualit\u00e9 juridique et fiscale des pays membres du r\u00e9seau Lexunion: <a href=\"\/wp-content\/uploads\/2020\/03\/2T2019.pdf\" target=\"_blank\" rel=\"noopener\">Fichier PDF<\/a><\/p>\n<\/div><\/div><footer class=\"entry-footer\"><\/footer><\/article><div class=\"iconlist-timeline\"><\/div><\/li>\n<li><div class='iconlist_icon av-a1pbn-71b0e38d808cc9d221f5c5818d568d18 avia-font-entypo-fontello avia-iconfont avia-font-entypo-fontello'><span class='av-icon-char' data-av_icon='\ue84b' data-av_iconfont='entypo-fontello' aria-hidden=\"true\"><\/span><\/div><article class=\"article-icon-entry \"  itemscope=\"itemscope\" itemtype=\"https:\/\/schema.org\/CreativeWork\" ><div class=\"iconlist_content_wrap\"><header class=\"entry-content-header\" aria-label=\"Icon: Lettre trimestrielle d\u2019information sur l\u2019actualit\u00e9 de 2019 n\u00b0 4\"><h4 class='av_iconlist_title iconlist_title  '  itemprop=\"headline\" >Lettre trimestrielle d\u2019information sur l\u2019actualit\u00e9 de 2019 n\u00b0 4<\/h4><\/header><div class='iconlist_content '  itemprop=\"text\" ><p>Lettre trimestrielle num\u00e9ro 4 d\u2019information sur l\u2019actualit\u00e9 juridique et fiscale des pays membres du r\u00e9seau Lexunion: <a href=\"\/wp-content\/uploads\/2020\/03\/4T2019.pdf\" target=\"_blank\" rel=\"noopener\">Fichier PDF<\/a><\/p>\n<\/div><\/div><footer class=\"entry-footer\"><\/footer><\/article><div class=\"iconlist-timeline\"><\/div><\/li>\n<li><div class='iconlist_icon av-xf82r-51abc057bcda322ca1e8d8c520b903f2 avia-font-entypo-fontello avia-iconfont avia-font-entypo-fontello'><span class='av-icon-char' data-av_icon='\ue84b' data-av_iconfont='entypo-fontello' aria-hidden=\"true\"><\/span><\/div><article class=\"article-icon-entry \"  itemscope=\"itemscope\" itemtype=\"https:\/\/schema.org\/CreativeWork\" ><div class=\"iconlist_content_wrap\"><header class=\"entry-content-header\" aria-label=\"Icon: Etre mis sous curatelle? Non merci!\"><h4 class='av_iconlist_title iconlist_title  '  itemprop=\"headline\" >Etre mis sous curatelle? Non merci!<\/h4><\/header><div class='iconlist_content '  itemprop=\"text\" ><p>Attention, si vous n\u2019avez pas pris de dispositions, un curateur peut \u00eatre nomm\u00e9 en cas de perte de discernement. Mieux vaut donc prendre ses devants&#8230;..\u00a0<a href=\"https:\/\/www.actanotaires.ch\/actualites\/Etre+mis+sous+curatelle\" rel=\"noopener\">En savoir plus<\/a><\/p>\n<\/div><\/div><footer class=\"entry-footer\"><\/footer><\/article><div class=\"iconlist-timeline\"><\/div><\/li>\n<li><div class='iconlist_icon av-pqesr-23d2353953f1bf18c0b9e666fd575d09 avia-font-entypo-fontello avia-iconfont avia-font-entypo-fontello'><span class='av-icon-char' data-av_icon='\ue84b' data-av_iconfont='entypo-fontello' aria-hidden=\"true\"><\/span><\/div><article class=\"article-icon-entry \"  itemscope=\"itemscope\" itemtype=\"https:\/\/schema.org\/CreativeWork\" ><div class=\"iconlist_content_wrap\"><header class=\"entry-content-header\" aria-label=\"Icon: Serai-je bien prot\u00e9g\u00e9 en \u00e9change d\u2018un droit d\u2019habitation?\"><h4 class='av_iconlist_title iconlist_title  '  itemprop=\"headline\" >Serai-je bien prot\u00e9g\u00e9 en \u00e9change d\u2018un droit d\u2019habitation?<\/h4><\/header><div class='iconlist_content '  itemprop=\"text\" ><p>Avec l\u2019\u00e2ge, certains propri\u00e9taires envisagent le transfert de leur maison \u00e0 l\u2019un de leurs enfants, tout en souhaitant pouvoir continuer \u00e0 y habiter. &#8230;..<a href=\"https:\/\/www.actanotaires.ch\/actualites\/Serais-je+bien+prot%C3%A9g%C3%A9+en+%C3%A9change+d%E2%80%99un+droit+d%E2%80%99habitation\" rel=\"noopener\">En savoir plus<\/a><\/p>\n<\/div><\/div><footer class=\"entry-footer\"><\/footer><\/article><div class=\"iconlist-timeline\"><\/div><\/li>\n<li><div class='iconlist_icon av-l4y0b-92f8eb034115b79aec2d65a948b09200 avia-font-entypo-fontello avia-iconfont avia-font-entypo-fontello'><span class='av-icon-char' data-av_icon='\ue84b' data-av_iconfont='entypo-fontello' aria-hidden=\"true\"><\/span><\/div><article class=\"article-icon-entry \"  itemscope=\"itemscope\" itemtype=\"https:\/\/schema.org\/CreativeWork\" ><div class=\"iconlist_content_wrap\"><header class=\"entry-content-header\" aria-label=\"Icon: R\u00e9gimes matrimoniaux: quels avantages?\"><h4 class='av_iconlist_title iconlist_title  '  itemprop=\"headline\" >R\u00e9gimes matrimoniaux: quels avantages?<\/h4><\/header><div class='iconlist_content '  itemprop=\"text\" ><p>J\u2019aimerais conna\u00eetre les diff\u00e9rentes particularit\u00e9s de chaque r\u00e9gime et, aussi, s\u2019il est possible de changer apr\u00e8s coup ?&#8230; <a href=\"https:\/\/www.actanotaires.ch\/actualites\/R%C3%A9gimes+matrimoniaux+%3A+quels+avantages\" rel=\"noopener\">En savoir plus<\/a><\/p>\n<\/div><\/div><footer class=\"entry-footer\"><\/footer><\/article><div class=\"iconlist-timeline\"><\/div><\/li>\n<li><div class='iconlist_icon av-gtt4r-2f952bcbb2764ea90ef019ed5fcc9535 avia-font-entypo-fontello avia-iconfont avia-font-entypo-fontello'><span class='av-icon-char' data-av_icon='\ue84b' data-av_iconfont='entypo-fontello' aria-hidden=\"true\"><\/span><\/div><article class=\"article-icon-entry \"  itemscope=\"itemscope\" itemtype=\"https:\/\/schema.org\/CreativeWork\" ><div class=\"iconlist_content_wrap\"><header class=\"entry-content-header\" aria-label=\"Icon: Mais o\u00f9 est ma place de parc ?\"><h4 class='av_iconlist_title iconlist_title  '  itemprop=\"headline\" >Mais o\u00f9 est ma place de parc ?<\/h4><\/header><div class='iconlist_content '  itemprop=\"text\" ><p>Vous allez acheter l\u2019appartement de vos r\u00eaves. Mais vous vous rendez\u00a0compte que la place de parc n\u2019est pas comprise dans l\u2019acte de vente&#8230;.. \u00a0<a href=\"https:\/\/www.actanotaires.ch\/actualites\/aais+o%C3%B9+est+ma+place+de+parc\" rel=\"noopener\">En savoir plus.<\/a><\/p>\n<\/div><\/div><footer class=\"entry-footer\"><\/footer><\/article><div class=\"iconlist-timeline\"><\/div><\/li>\n<li><div class='iconlist_icon av-bgab7-34b24b097c6747b2dea475ae13e3f1c3 avia-font-entypo-fontello avia-iconfont avia-font-entypo-fontello'><span class='av-icon-char' data-av_icon='\ue84b' data-av_iconfont='entypo-fontello' aria-hidden=\"true\"><\/span><\/div><article class=\"article-icon-entry \"  itemscope=\"itemscope\" itemtype=\"https:\/\/schema.org\/CreativeWork\" ><div class=\"iconlist_content_wrap\"><header class=\"entry-content-header\" aria-label=\"Icon: L\u2019hoirie n\u2019est pas faite pour durer\"><h4 class='av_iconlist_title iconlist_title  '  itemprop=\"headline\" >L\u2019hoirie n\u2019est pas faite pour durer<\/h4><\/header><div class='iconlist_content '  itemprop=\"text\" ><p>D\u00e8s que des dissensions entre h\u00e9ritiers apparaissent, la situation peut\u00a0vite devenir inextricable&#8230;&#8230; \u00a0<a href=\"https:\/\/www.actanotaires.ch\/actualites\/L%E2%80%99hoirie+n%E2%80%99est+pas+faite+pour+durer\" rel=\"noopener\">En savoir plus.<\/a><\/p>\n<\/div><\/div><footer class=\"entry-footer\"><\/footer><\/article><div class=\"iconlist-timeline\"><\/div><\/li>\n<li><div class='iconlist_icon av-9e9yj-0ad7f4205444686ae5e899b66f54f673 avia-font-entypo-fontello avia-iconfont avia-font-entypo-fontello'><span class='av-icon-char' data-av_icon='\ue84b' data-av_iconfont='entypo-fontello' aria-hidden=\"true\"><\/span><\/div><article class=\"article-icon-entry \"  itemscope=\"itemscope\" itemtype=\"https:\/\/schema.org\/CreativeWork\" ><div class=\"iconlist_content_wrap\"><header class=\"entry-content-header\" aria-label=\"Icon: Que faire apr\u00e8s le d\u00e9c\u00e8s de Gaspard ?\"><h4 class='av_iconlist_title iconlist_title  '  itemprop=\"headline\" >Que faire apr\u00e8s le d\u00e9c\u00e8s de Gaspard ?<\/h4><\/header><div class='iconlist_content '  itemprop=\"text\" ><p>L\u2019ouverture d\u2019une succession n\u2019est pas toujours chose ais\u00e9e. Quelles\u00a0d\u00e9cisions doit-on prendre et quelles sont les \u00e9tapes \u00e0 ne pas manquer ?&#8230;.. \u00a0<a href=\"https:\/\/www.actanotaires.ch\/actualites\/Que+faire+apr%C3%A8s+le+d%C3%A9c%C3%A8s+de+Gaspard\" rel=\"noopener\">En savoir plus.<\/a><\/p>\n<\/div><\/div><footer class=\"entry-footer\"><\/footer><\/article><div class=\"iconlist-timeline\"><\/div><\/li>\n<\/ul><\/div><\/div>\n","protected":false},"excerpt":{"rendered":"","protected":false},"author":1,"featured_media":0,"parent":0,"menu_order":0,"comment_status":"closed","ping_status":"closed","template":"","meta":{"_acf_changed":false,"footnotes":""},"class_list":["post-3137","page","type-page","status-publish","hentry"],"acf":[],"yoast_head":"<!-- This site is optimized with the Yoast SEO plugin v24.9 - https:\/\/yoast.com\/wordpress\/plugins\/seo\/ -->\n<title>Nachrichten - swisNot - Le r\u00e9seau notarial suisse<\/title>\n<meta name=\"description\" content=\"swisNot, le r\u00e9seau notarial suisse, votre partenaire en mati\u00e8re juridique et fiscale\" \/>\n<meta name=\"robots\" content=\"index, follow, max-snippet:-1, max-image-preview:large, max-video-preview:-1\" \/>\n<link rel=\"canonical\" href=\"https:\/\/www.swisnot.ch\/de\/nachrichten\/\" \/>\n<meta property=\"og:locale\" content=\"de_DE\" \/>\n<meta property=\"og:type\" content=\"article\" \/>\n<meta property=\"og:title\" content=\"Nachrichten - swisNot - Le r\u00e9seau notarial suisse\" \/>\n<meta property=\"og:description\" content=\"swisNot, le r\u00e9seau notarial suisse, votre partenaire en mati\u00e8re juridique et fiscale\" \/>\n<meta property=\"og:url\" content=\"https:\/\/www.swisnot.ch\/de\/nachrichten\/\" \/>\n<meta property=\"og:site_name\" content=\"swisNot - Le r\u00e9seau notarial suisse\" \/>\n<meta property=\"article:modified_time\" content=\"2021-11-15T14:45:24+00:00\" \/>\n<meta name=\"twitter:card\" content=\"summary_large_image\" \/>\n<meta name=\"twitter:label1\" content=\"Est. reading time\" \/>\n\t<meta name=\"twitter:data1\" content=\"7 minutes\" \/>\n<script type=\"application\/ld+json\" class=\"yoast-schema-graph\">{\"@context\":\"https:\/\/schema.org\",\"@graph\":[{\"@type\":\"WebPage\",\"@id\":\"https:\/\/www.swisnot.ch\/de\/nachrichten\/\",\"url\":\"https:\/\/www.swisnot.ch\/de\/nachrichten\/\",\"name\":\"Nachrichten - swisNot - Le r\u00e9seau notarial suisse\",\"isPartOf\":{\"@id\":\"https:\/\/www.swisnot.ch\/de\/#website\"},\"datePublished\":\"2016-06-24T11:26:56+00:00\",\"dateModified\":\"2021-11-15T14:45:24+00:00\",\"description\":\"swisNot, le r\u00e9seau notarial suisse, votre partenaire en mati\u00e8re juridique et fiscale\",\"breadcrumb\":{\"@id\":\"https:\/\/www.swisnot.ch\/de\/nachrichten\/#breadcrumb\"},\"inLanguage\":\"de-DE\",\"potentialAction\":[{\"@type\":\"ReadAction\",\"target\":[\"https:\/\/www.swisnot.ch\/de\/nachrichten\/\"]}]},{\"@type\":\"BreadcrumbList\",\"@id\":\"https:\/\/www.swisnot.ch\/de\/nachrichten\/#breadcrumb\",\"itemListElement\":[{\"@type\":\"ListItem\",\"position\":1,\"name\":\"Accueil\",\"item\":\"https:\/\/www.swisnot.ch\/de\/home\/\"},{\"@type\":\"ListItem\",\"position\":2,\"name\":\"Nachrichten\"}]},{\"@type\":\"WebSite\",\"@id\":\"https:\/\/www.swisnot.ch\/de\/#website\",\"url\":\"https:\/\/www.swisnot.ch\/de\/\",\"name\":\"swisNot - Le r\u00e9seau notarial suisse\",\"description\":\"Votre partenaire en mati\u00e8re juridique et fiscale\",\"potentialAction\":[{\"@type\":\"SearchAction\",\"target\":{\"@type\":\"EntryPoint\",\"urlTemplate\":\"https:\/\/www.swisnot.ch\/de\/?s={search_term_string}\"},\"query-input\":{\"@type\":\"PropertyValueSpecification\",\"valueRequired\":true,\"valueName\":\"search_term_string\"}}],\"inLanguage\":\"de-DE\"}]}<\/script>\n<!-- \/ Yoast SEO plugin. -->","yoast_head_json":{"title":"Nachrichten - swisNot - Le r\u00e9seau notarial suisse","description":"swisNot, le r\u00e9seau notarial suisse, votre partenaire en mati\u00e8re juridique et fiscale","robots":{"index":"index","follow":"follow","max-snippet":"max-snippet:-1","max-image-preview":"max-image-preview:large","max-video-preview":"max-video-preview:-1"},"canonical":"https:\/\/www.swisnot.ch\/de\/nachrichten\/","og_locale":"de_DE","og_type":"article","og_title":"Nachrichten - swisNot - Le r\u00e9seau notarial suisse","og_description":"swisNot, le r\u00e9seau notarial suisse, votre partenaire en mati\u00e8re juridique et fiscale","og_url":"https:\/\/www.swisnot.ch\/de\/nachrichten\/","og_site_name":"swisNot - Le r\u00e9seau notarial suisse","article_modified_time":"2021-11-15T14:45:24+00:00","twitter_card":"summary_large_image","twitter_misc":{"Est. reading time":"7 minutes"},"schema":{"@context":"https:\/\/schema.org","@graph":[{"@type":"WebPage","@id":"https:\/\/www.swisnot.ch\/de\/nachrichten\/","url":"https:\/\/www.swisnot.ch\/de\/nachrichten\/","name":"Nachrichten - swisNot - Le r\u00e9seau notarial suisse","isPartOf":{"@id":"https:\/\/www.swisnot.ch\/de\/#website"},"datePublished":"2016-06-24T11:26:56+00:00","dateModified":"2021-11-15T14:45:24+00:00","description":"swisNot, le r\u00e9seau notarial suisse, votre partenaire en mati\u00e8re juridique et fiscale","breadcrumb":{"@id":"https:\/\/www.swisnot.ch\/de\/nachrichten\/#breadcrumb"},"inLanguage":"de-DE","potentialAction":[{"@type":"ReadAction","target":["https:\/\/www.swisnot.ch\/de\/nachrichten\/"]}]},{"@type":"BreadcrumbList","@id":"https:\/\/www.swisnot.ch\/de\/nachrichten\/#breadcrumb","itemListElement":[{"@type":"ListItem","position":1,"name":"Accueil","item":"https:\/\/www.swisnot.ch\/de\/home\/"},{"@type":"ListItem","position":2,"name":"Nachrichten"}]},{"@type":"WebSite","@id":"https:\/\/www.swisnot.ch\/de\/#website","url":"https:\/\/www.swisnot.ch\/de\/","name":"swisNot - Le r\u00e9seau notarial suisse","description":"Votre partenaire en mati\u00e8re juridique et fiscale","potentialAction":[{"@type":"SearchAction","target":{"@type":"EntryPoint","urlTemplate":"https:\/\/www.swisnot.ch\/de\/?s={search_term_string}"},"query-input":{"@type":"PropertyValueSpecification","valueRequired":true,"valueName":"search_term_string"}}],"inLanguage":"de-DE"}]}},"_links":{"self":[{"href":"https:\/\/www.swisnot.ch\/de\/wp-json\/wp\/v2\/pages\/3137","targetHints":{"allow":["GET"]}}],"collection":[{"href":"https:\/\/www.swisnot.ch\/de\/wp-json\/wp\/v2\/pages"}],"about":[{"href":"https:\/\/www.swisnot.ch\/de\/wp-json\/wp\/v2\/types\/page"}],"author":[{"embeddable":true,"href":"https:\/\/www.swisnot.ch\/de\/wp-json\/wp\/v2\/users\/1"}],"replies":[{"embeddable":true,"href":"https:\/\/www.swisnot.ch\/de\/wp-json\/wp\/v2\/comments?post=3137"}],"version-history":[{"count":3,"href":"https:\/\/www.swisnot.ch\/de\/wp-json\/wp\/v2\/pages\/3137\/revisions"}],"predecessor-version":[{"id":8053,"href":"https:\/\/www.swisnot.ch\/de\/wp-json\/wp\/v2\/pages\/3137\/revisions\/8053"}],"wp:attachment":[{"href":"https:\/\/www.swisnot.ch\/de\/wp-json\/wp\/v2\/media?parent=3137"}],"curies":[{"name":"wp","href":"https:\/\/api.w.org\/{rel}","templated":true}]}}